{"id":5976,"date":"2018-08-04T13:21:45","date_gmt":"2018-08-04T11:21:45","guid":{"rendered":"http:\/\/c3.staging1.laurencariscooks.com\/?page_id=5976\/"},"modified":"2025-01-18T18:12:55","modified_gmt":"2025-01-18T17:12:55","slug":"unserepastoren","status":"publish","type":"page","link":"https:\/\/staging.c3zurich.ch\/de\/unserepastoren\/","title":{"rendered":"Unsere Pastoren"},"content":{"rendered":"\n<h1>\n\t\tUnsere Pastoren\n\t<\/h1>\n\t\t\t\t<img loading=\"lazy\" decoding=\"async\" src=\"https:\/\/staging.c3zurich.ch\/wp-content\/uploads\/2024\/01\/2-1.jpeg\" alt=\"2\" itemprop=\"image\" height=\"1512\" width=\"2268\" title=\"2\" onerror=\"this.style.display='none'\"  \/>\n<h2>\n\t\tUNSERE PASTOREN\n\t<\/h2>\n\t<p>Simon und Sara Spalinger sind beide Jahrgang 1981. Eine(r) der beiden ist ein paar Tage \u00e4lter und glaubt daher, ein kleines bisschen weiser zu sein &#8230; Simon ist als Missionarskind in Peru gross geworden, w\u00e4hrend Sara in einem kleinen Dorf ausserhalb von Z\u00fcrich aufgewachsen ist. Beide sind \u00abnebenbei\u00bb noch Lehrer von Beruf. W\u00e4hrend Sara als Lehrerin arbeitet, widmet sich Simon Vollzeit C3 Z\u00fcrich.<\/p>\n<p>Schon bevor sie verheiratet waren, schlug ihr Herz f\u00fcr Gott und f\u00fcreinander. 2008, kurz nach ihrer Hochzeit, nahm sich das junge Paar eine Auszeit in Sydney (Australien), wo sie das C3 College besuchten.<\/p>\n<p>Dort wuchs der Traum, in Z\u00fcrich eine Kirche zu bauen: Diesen verwirklichten sie vier Jahre sp\u00e4ter gemeinsam mit einer Gruppe\u00a0von Freunden. Simon und Sara lernen t\u00e4glich Neues dazu und entwickeln sich gemeinsam mit ihrer Kirche.<\/p>\n\t<h3>IHR GR\u00d6SSTER stolz<\/h3>\n\tIhre vier Kinder<br \/>\nElia, Sean, Lisa und Ruben\n\t<h3>IHRE GR\u00d6SSTE Herausforderung<\/h3>\n\tMit allen Kids am Sonntag p\u00fcnktlich<br \/>\nzum Gottesdienst aufzubrechen.\n\t<h3>IHR GR\u00d6SSTER traum<\/h3>\n\t<p>Eine leidenschaftliche Kirche zu bauen, die weiter w\u00e4chst und das Zentrum von Z\u00fcrich positiv mitpr\u00e4gt.<\/p>\n<h2>\n\t\tLeitungsteam\n\t<\/h2>\n\t<p>Gemeinsam mit Simon und Sara arbeitet ein engagiertes Team, das C3 Z\u00fcrich dienen und weiter entwickeln will.<\/p>\n\n","protected":false},"excerpt":{"rendered":"<p>Unsere Pastoren UNSERE PASTOREN Simon und Sara Spalinger sind beide Jahrgang 1981. Eine(r) der beiden ist ein paar Tage \u00e4lter und glaubt daher, ein kleines bisschen weiser zu sein &#8230; Simon ist als Missionarskind in Peru gross geworden, w\u00e4hrend Sara in einem kleinen Dorf ausserhalb von Z\u00fcrich aufgewachsen ist. Beide sind \u00abnebenbei\u00bb noch Lehrer von [&hellip;]<\/p>\n","protected":false},"author":2,"featured_media":0,"parent":0,"menu_order":0,"comment_status":"open","ping_status":"closed","template":"my-templates\/no-title-template.php","meta":{"inline_featured_image":false,"_monsterinsights_skip_tracking":false,"_monsterinsights_sitenote_active":false,"_monsterinsights_sitenote_note":"","_monsterinsights_sitenote_category":0,"_genesis_hide_title":false,"_genesis_hide_breadcrumbs":false,"_genesis_hide_singular_image":false,"_genesis_hide_footer_widgets":false,"_genesis_custom_body_class":"","_genesis_custom_post_class":"","_genesis_layout":"","footnotes":""},"class_list":{"0":"post-5976","1":"page","2":"type-page","3":"status-publish","5":"entry","6":"has-post-thumbnail"},"yoast_head":"<!-- This site is optimized with the Yoast SEO plugin v24.3 - https:\/\/yoast.com\/wordpress\/plugins\/seo\/ -->\n<title>Unsere Pastoren | C3 Z\u00fcrich<\/title>\n<meta name=\"description\" content=\"Das Leitungsteam der C3 Z\u00fcrich besteht aus dem Pastoren-Ehepaar Simon und Sara und Spalinger sowie drei drei Ehepaaren, die das \u00abExecutive Team\u00bb bilden.\" \/>\n<meta name=\"robots\" content=\"noindex, nofollow\" \/>\n<meta property=\"og:locale\" content=\"de_DE\" \/>\n<meta property=\"og:type\" content=\"article\" \/>\n<meta property=\"og:title\" content=\"Unsere Pastoren | C3 Z\u00fcrich\" \/>\n<meta property=\"og:description\" content=\"Das Leitungsteam der C3 Z\u00fcrich besteht aus dem Pastoren-Ehepaar Simon und Sara und Spalinger sowie drei drei Ehepaaren, die das \u00abExecutive Team\u00bb bilden.\" \/>\n<meta property=\"og:url\" content=\"https:\/\/staging.c3zurich.ch\/de\/unserepastoren\/\" \/>\n<meta property=\"og:site_name\" content=\"C3 Z\u00fcrich\" \/>\n<meta property=\"article:publisher\" content=\"https:\/\/www.facebook.com\/C3Zurich\/\" \/>\n<meta property=\"article:modified_time\" content=\"2025-01-18T17:12:55+00:00\" \/>\n<meta property=\"og:image\" content=\"https:\/\/staging.c3zurich.ch\/wp-content\/uploads\/2024\/01\/2-1.jpeg\" \/>\n<meta name=\"twitter:card\" content=\"summary_large_image\" \/>\n<meta name=\"twitter:site\" content=\"@c3zurich\" \/>\n<meta name=\"twitter:label1\" content=\"Gesch\u00e4tzte Lesezeit\" \/>\n\t<meta name=\"twitter:data1\" content=\"2 Minuten\" \/>\n<script type=\"application\/ld+json\" class=\"yoast-schema-graph\">{\"@context\":\"https:\/\/schema.org\",\"@graph\":[{\"@type\":\"WebPage\",\"@id\":\"https:\/\/staging.c3zurich.ch\/de\/unserepastoren\/\",\"url\":\"https:\/\/staging.c3zurich.ch\/de\/unserepastoren\/\",\"name\":\"Unsere Pastoren | C3 Z\u00fcrich\",\"isPartOf\":{\"@id\":\"https:\/\/staging.c3zurich.ch\/#website\"},\"primaryImageOfPage\":{\"@id\":\"https:\/\/staging.c3zurich.ch\/de\/unserepastoren\/#primaryimage\"},\"image\":{\"@id\":\"https:\/\/staging.c3zurich.ch\/de\/unserepastoren\/#primaryimage\"},\"thumbnailUrl\":\"https:\/\/staging.c3zurich.ch\/wp-content\/uploads\/2024\/01\/2-1.jpeg\",\"datePublished\":\"2018-08-04T11:21:45+00:00\",\"dateModified\":\"2025-01-18T17:12:55+00:00\",\"description\":\"Das Leitungsteam der C3 Z\u00fcrich besteht aus dem Pastoren-Ehepaar Simon und Sara und Spalinger sowie drei drei Ehepaaren, die das \u00abExecutive Team\u00bb bilden.\",\"inLanguage\":\"de-CH\",\"potentialAction\":[{\"@type\":\"ReadAction\",\"target\":[\"https:\/\/staging.c3zurich.ch\/de\/unserepastoren\/\"]}]},{\"@type\":\"ImageObject\",\"inLanguage\":\"de-CH\",\"@id\":\"https:\/\/staging.c3zurich.ch\/de\/unserepastoren\/#primaryimage\",\"url\":\"https:\/\/staging.c3zurich.ch\/wp-content\/uploads\/2024\/01\/2-1.jpeg\",\"contentUrl\":\"https:\/\/staging.c3zurich.ch\/wp-content\/uploads\/2024\/01\/2-1.jpeg\"},{\"@type\":\"WebSite\",\"@id\":\"https:\/\/staging.c3zurich.ch\/#website\",\"url\":\"https:\/\/staging.c3zurich.ch\/\",\"name\":\"C3 Z\u00fcrich\",\"description\":\"Eine Glaubensgemeinschaft im Zentrum von Z\u00fcrich mit Gottesdiensten in Mundart und Englisch\",\"publisher\":{\"@id\":\"https:\/\/staging.c3zurich.ch\/#organization\"},\"potentialAction\":[{\"@type\":\"SearchAction\",\"target\":{\"@type\":\"EntryPoint\",\"urlTemplate\":\"https:\/\/staging.c3zurich.ch\/?s={search_term_string}\"},\"query-input\":{\"@type\":\"PropertyValueSpecification\",\"valueRequired\":true,\"valueName\":\"search_term_string\"}}],\"inLanguage\":\"de-CH\"},{\"@type\":\"Organization\",\"@id\":\"https:\/\/staging.c3zurich.ch\/#organization\",\"name\":\"C3 Church Zurich\",\"url\":\"https:\/\/staging.c3zurich.ch\/\",\"logo\":{\"@type\":\"ImageObject\",\"inLanguage\":\"de-CH\",\"@id\":\"https:\/\/staging.c3zurich.ch\/#\/schema\/logo\/image\/\",\"url\":\"https:\/\/staging.c3zurich.ch\/wp-content\/uploads\/2022\/03\/cropped-2.png\",\"contentUrl\":\"https:\/\/staging.c3zurich.ch\/wp-content\/uploads\/2022\/03\/cropped-2.png\",\"width\":512,\"height\":512,\"caption\":\"C3 Church Zurich\"},\"image\":{\"@id\":\"https:\/\/staging.c3zurich.ch\/#\/schema\/logo\/image\/\"},\"sameAs\":[\"https:\/\/www.facebook.com\/C3Zurich\/\",\"https:\/\/x.com\/c3zurich\",\"https:\/\/www.instagram.com\/c3zurich\/\"]}]}<\/script>\n<!-- \/ Yoast SEO plugin. -->","yoast_head_json":{"title":"Unsere Pastoren | C3 Z\u00fcrich","description":"Das Leitungsteam der C3 Z\u00fcrich besteht aus dem Pastoren-Ehepaar Simon und Sara und Spalinger sowie drei drei Ehepaaren, die das \u00abExecutive Team\u00bb bilden.","robots":{"index":"noindex","follow":"nofollow"},"og_locale":"de_DE","og_type":"article","og_title":"Unsere Pastoren | C3 Z\u00fcrich","og_description":"Das Leitungsteam der C3 Z\u00fcrich besteht aus dem Pastoren-Ehepaar Simon und Sara und Spalinger sowie drei drei Ehepaaren, die das \u00abExecutive Team\u00bb bilden.","og_url":"https:\/\/staging.c3zurich.ch\/de\/unserepastoren\/","og_site_name":"C3 Z\u00fcrich","article_publisher":"https:\/\/www.facebook.com\/C3Zurich\/","article_modified_time":"2025-01-18T17:12:55+00:00","og_image":[{"url":"https:\/\/staging.c3zurich.ch\/wp-content\/uploads\/2024\/01\/2-1.jpeg","type":"","width":"","height":""}],"twitter_card":"summary_large_image","twitter_site":"@c3zurich","twitter_misc":{"Gesch\u00e4tzte Lesezeit":"2 Minuten"},"schema":{"@context":"https:\/\/schema.org","@graph":[{"@type":"WebPage","@id":"https:\/\/staging.c3zurich.ch\/de\/unserepastoren\/","url":"https:\/\/staging.c3zurich.ch\/de\/unserepastoren\/","name":"Unsere Pastoren | C3 Z\u00fcrich","isPartOf":{"@id":"https:\/\/staging.c3zurich.ch\/#website"},"primaryImageOfPage":{"@id":"https:\/\/staging.c3zurich.ch\/de\/unserepastoren\/#primaryimage"},"image":{"@id":"https:\/\/staging.c3zurich.ch\/de\/unserepastoren\/#primaryimage"},"thumbnailUrl":"https:\/\/staging.c3zurich.ch\/wp-content\/uploads\/2024\/01\/2-1.jpeg","datePublished":"2018-08-04T11:21:45+00:00","dateModified":"2025-01-18T17:12:55+00:00","description":"Das Leitungsteam der C3 Z\u00fcrich besteht aus dem Pastoren-Ehepaar Simon und Sara und Spalinger sowie drei drei Ehepaaren, die das \u00abExecutive Team\u00bb bilden.","inLanguage":"de-CH","potentialAction":[{"@type":"ReadAction","target":["https:\/\/staging.c3zurich.ch\/de\/unserepastoren\/"]}]},{"@type":"ImageObject","inLanguage":"de-CH","@id":"https:\/\/staging.c3zurich.ch\/de\/unserepastoren\/#primaryimage","url":"https:\/\/staging.c3zurich.ch\/wp-content\/uploads\/2024\/01\/2-1.jpeg","contentUrl":"https:\/\/staging.c3zurich.ch\/wp-content\/uploads\/2024\/01\/2-1.jpeg"},{"@type":"WebSite","@id":"https:\/\/staging.c3zurich.ch\/#website","url":"https:\/\/staging.c3zurich.ch\/","name":"C3 Z\u00fcrich","description":"Eine Glaubensgemeinschaft im Zentrum von Z\u00fcrich mit Gottesdiensten in Mundart und Englisch","publisher":{"@id":"https:\/\/staging.c3zurich.ch\/#organization"},"potentialAction":[{"@type":"SearchAction","target":{"@type":"EntryPoint","urlTemplate":"https:\/\/staging.c3zurich.ch\/?s={search_term_string}"},"query-input":{"@type":"PropertyValueSpecification","valueRequired":true,"valueName":"search_term_string"}}],"inLanguage":"de-CH"},{"@type":"Organization","@id":"https:\/\/staging.c3zurich.ch\/#organization","name":"C3 Church Zurich","url":"https:\/\/staging.c3zurich.ch\/","logo":{"@type":"ImageObject","inLanguage":"de-CH","@id":"https:\/\/staging.c3zurich.ch\/#\/schema\/logo\/image\/","url":"https:\/\/staging.c3zurich.ch\/wp-content\/uploads\/2022\/03\/cropped-2.png","contentUrl":"https:\/\/staging.c3zurich.ch\/wp-content\/uploads\/2022\/03\/cropped-2.png","width":512,"height":512,"caption":"C3 Church Zurich"},"image":{"@id":"https:\/\/staging.c3zurich.ch\/#\/schema\/logo\/image\/"},"sameAs":["https:\/\/www.facebook.com\/C3Zurich\/","https:\/\/x.com\/c3zurich","https:\/\/www.instagram.com\/c3zurich\/"]}]}},"_links":{"self":[{"href":"https:\/\/staging.c3zurich.ch\/de\/wp-json\/wp\/v2\/pages\/5976","targetHints":{"allow":["GET"]}}],"collection":[{"href":"https:\/\/staging.c3zurich.ch\/de\/wp-json\/wp\/v2\/pages"}],"about":[{"href":"https:\/\/staging.c3zurich.ch\/de\/wp-json\/wp\/v2\/types\/page"}],"author":[{"embeddable":true,"href":"https:\/\/staging.c3zurich.ch\/de\/wp-json\/wp\/v2\/users\/2"}],"replies":[{"embeddable":true,"href":"https:\/\/staging.c3zurich.ch\/de\/wp-json\/wp\/v2\/comments?post=5976"}],"version-history":[{"count":27,"href":"https:\/\/staging.c3zurich.ch\/de\/wp-json\/wp\/v2\/pages\/5976\/revisions"}],"predecessor-version":[{"id":12255,"href":"https:\/\/staging.c3zurich.ch\/de\/wp-json\/wp\/v2\/pages\/5976\/revisions\/12255"}],"wp:attachment":[{"href":"https:\/\/staging.c3zurich.ch\/de\/wp-json\/wp\/v2\/media?parent=5976"}],"curies":[{"name":"wp","href":"https:\/\/api.w.org\/{rel}","templated":true}]}}